{"id":9556,"date":"2023-03-24T20:32:00","date_gmt":"2023-03-24T19:32:00","guid":{"rendered":"https:\/\/server116294.nazwa.pl\/wordpress\/wpn_cultureofmind_main\/?post_type=product&#038;p=9556"},"modified":"2023-04-13T08:50:44","modified_gmt":"2023-04-13T06:50:44","slug":"ocena-pracy-dyrektora-szkolenie","status":"publish","type":"product","link":"https:\/\/cultureofmind.pl\/en\/product\/ocena-pracy-dyrektora-szkolenie\/","title":{"rendered":"Warsztaty ocena pracy dyrektora 24.04.2023r. 10:00"},"content":{"rendered":"<p class=\"v1MsoNormal\">Zapraszamy na wyj\u0105tkowe szkolenie dla wszystkich dyrektor\u00f3w, kt\u00f3rzy chc\u0105\u00a0optymalnie przygotowa\u0107 si\u0119 do oceny pracy. W czasie szkolenia ekspert Anna\u00a0Stalmach-Tkacz nie tylko przeanalizuje procedur\u0119 i zasady oraz poszczeg\u00f3lne kryteria oceny pracy ale wska\u017ce r\u00f3wnie\u017c pu\u0142apki, ewentualne problemy i rozwi\u0105zania, kt\u00f3re wynikaj\u0105 z jej wieloletniego do\u015bwiadczenia w przygotowywaniu dyrektor\u00f3w do konkurs\u00f3w oraz kontroli wynikaj\u0105cej z oceny pracy. Ka\u017cdy uczestnik otrzyma zestaw materia\u0142\u00f3w, przydatnych w ramach oceny pracy.<\/p>\n<div>\n<p class=\"v1MsoNormal\"><strong>Zagadnienia:<\/strong><\/p>\n<\/div>\n<div>\n<p class=\"v1MsoNormal\">&#8211; analiza stanu prawnego obowi\u0105zuj\u0105cego w obszarze oceny pracy dyrektora<\/p>\n<p>&#8211; jak wype\u0142ni\u0107 formularz oceny pracy dla organu nadzoru<\/p>\n<p>&#8211; przyk\u0142adowe zapisy w samoocenie dyrektora<\/p>\n<p>&#8211; przyk\u0142adowe tre\u015bci dokumentacji uchwa\u0142 lub innych dokument\u00f3w sprawdzanych w czasie kontroli oceniaj\u0105cej<\/p>\n<p>&#8211; Case study dyrektora ocenianego wed\u0142ug nowych kryteri\u00f3w<\/p>\n<\/div>\n<div>\n<p class=\"v1MsoNormal\">&#8211; procedura oceny pracy &#8211; krok po kroku<\/p>\n<\/div>\n<div>\n<p class=\"v1MsoNormal\">&#8211; jak interpretowa\u0107 i dokumentowa\u0107 poszczeg\u00f3lne kryteria oceny pracy dyrektora<\/p>\n<\/div>\n<div>\n<p class=\"v1MsoNormal\">&#8211; fakty i mity oceny pracy &#8211; jak unikn\u0105\u0107 pu\u0142apek i przygotowa\u0107 si\u0119 do kontroli<\/p>\n<\/div>\n<div>\n<p class=\"v1MsoNormal\">&#8211; efektywna samoocena dyrektora &#8211; jak efektywnie uzupe\u0142ni\u0107 arkusz samooceny dla nadzoru pedagogicznego<\/p>\n<\/div>\n<div>\n<p class=\"v1MsoNormal\">&#8211; najcz\u0119stsze b\u0142\u0119dy towarzysz\u0105ce dyrektorom w ramach oceny pracy<\/p>\n<\/div>\n<div>\n<p class=\"v1MsoNormal\">&#8211; dokumentacja pracy szko\u0142y\/przedszkola i jej znaczenie dla oceny pracy bez generowania zb\u0119dnej biurokracji<\/p>\n<\/div>\n<p>Data szkolenia: 24.04.2023 r.<\/p>\n<p>Godzina: 10:00<\/p>\n<p>Forma: online (platforma ClickMeeting)<\/p>\n<p>&nbsp;<\/p>\n<p>Po z\u0142o\u017ceniu zam\u00f3wienia na wskazany przy sk\u0142adaniu zam\u00f3wienia adres mailowy zostanie wys\u0142ana wiadomo\u015b\u0107 zawieraj\u0105ca link do rejestracji na wydarzenie. Je\u017celi nie dotar\u0142 do ciebie link, prosimy o kontakt.<\/p>\n<p>&nbsp;<\/p>\n<p>Szkolenie zostanie potwierdzone za\u015bwiadczeniem akredytowanej plac\u00f3wki doskonalenia nauczycieli Grupa Edukacyjno-Szkoleniowa SOKRATES.<\/p>\n<p>&nbsp;<\/p>\n<p>Po zakupie produktu zostanie przes\u0142any do Pa\u0144stwa link umo\u017cliwiaj\u0105cy rejestracj\u0119 na wydarzenie Ocena pracy dyrektora.<\/p>\n<p>Wydarzenie odb\u0119dzie si\u0119 na platformie ClickMeeting.<\/p>\n<p>W przypadku braku mo\u017cliwo\u015bci uczestnictwa w szkoleniu uczestnik otrzyma dost\u0119p do nagrania na czas 30 dni.<\/p>\n<p>Je\u017celi potrzebujesz faktury napisz do nas na: biuro@grupasokrates.pl<\/p>\n<p>&nbsp;<\/p>\n<p>W przypadku pyta\u0144 prosimy o kontakt:<\/p>\n<p>Tel. +48 604 460 333<\/p>\n<p>Email: biuro@grupasokrates.pl<\/p>\n<p>&nbsp;<\/p>\n<p><em>Udost\u0119pnianie linku osobom trzecim jest zabronione i niezgodne z przepisami prawa. Osoby udost\u0119pniaj\u0105ce link lub przekazujacego go osobom trzecim (kt\u00f3re nie zakupi\u0142y dost\u0119pu na wydarzenie) wyra\u017caj\u0105 zgod\u0119 na obci\u0105\u017cenie finansowe w wysoko\u015bci trzykrotnej op\u0142aty za szkolenie.<\/em><\/p>","protected":false},"excerpt":{"rendered":"<p>Zapraszamy na wyj\u0105tkowe szkolenie dla wszystkich dyrektor\u00f3w, kt\u00f3rzy chc\u0105\u00a0optymalnie przygotowa\u0107 si\u0119 do oceny pracy. W czasie szkolenia ekspert Anna\u00a0Stalmach-Tkacz nie<\/p>","protected":false},"featured_media":9600,"comment_status":"open","ping_status":"closed","template":"","meta":[],"product_cat":[15],"product_tag":[],"class_list":["post-9556","product","type-product","status-publish","has-post-thumbnail","hentry","product_cat-bez-kategorii"],"yoast_head":"<!-- This site is optimized with the Yoast SEO plugin v21.3 - https:\/\/yoast.com\/wordpress\/plugins\/seo\/ -->\n<title>Warsztaty ocena pracy dyrektora 24.04.2023r. 10:00 - Culture of Mind<\/title>\n<meta name=\"description\" content=\"Ocena pracy dyrektora szkolenie skierowane jest do dyrektor\u00f3w szk\u00f3\u0142 i przedszkoli przygotowuj\u0105cych si\u0119 do oceny pracy dyrektora!\" \/>\n<meta name=\"robots\" content=\"index, follow, max-snippet:-1, max-image-preview:large, max-video-preview:-1\" \/>\n<link rel=\"canonical\" href=\"https:\/\/cultureofmind.pl\/en\/product\/ocena-pracy-dyrektora-szkolenie\/\" \/>\n<meta property=\"og:locale\" content=\"en_US\" \/>\n<meta property=\"og:type\" content=\"article\" \/>\n<meta property=\"og:title\" content=\"Warsztaty ocena pracy dyrektora 24.04.2023r. 10:00 - Culture of Mind\" \/>\n<meta property=\"og:description\" content=\"Ocena pracy dyrektora szkolenie skierowane jest do dyrektor\u00f3w szk\u00f3\u0142 i przedszkoli przygotowuj\u0105cych si\u0119 do oceny pracy dyrektora!\" \/>\n<meta property=\"og:url\" content=\"https:\/\/cultureofmind.pl\/en\/product\/ocena-pracy-dyrektora-szkolenie\/\" \/>\n<meta property=\"og:site_name\" content=\"Culture of Mind\" \/>\n<meta property=\"article:modified_time\" content=\"2023-04-13T06:50:44+00:00\" \/>\n<meta property=\"og:image\" content=\"https:\/\/cultureofmind.pl\/wp-content\/uploads\/2023\/03\/WARSZTART-OCENA-PRACY-DYREKTORA-1140\u00d7608-px-700\u00d7430-px-600\u00d7600-px.png\" \/>\n\t<meta property=\"og:image:width\" content=\"600\" \/>\n\t<meta property=\"og:image:height\" content=\"600\" \/>\n\t<meta property=\"og:image:type\" content=\"image\/png\" \/>\n<meta name=\"twitter:card\" content=\"summary_large_image\" \/>\n<meta name=\"twitter:label1\" content=\"Est. reading time\" \/>\n\t<meta name=\"twitter:data1\" content=\"2 minutes\" \/>\n<script type=\"application\/ld+json\" class=\"yoast-schema-graph\">{\"@context\":\"https:\/\/schema.org\",\"@graph\":[{\"@type\":\"WebPage\",\"@id\":\"https:\/\/cultureofmind.pl\/produkt\/ocena-pracy-dyrektora-szkolenie\/\",\"url\":\"https:\/\/cultureofmind.pl\/produkt\/ocena-pracy-dyrektora-szkolenie\/\",\"name\":\"Warsztaty ocena pracy dyrektora 24.04.2023r. 10:00 - Culture of Mind\",\"isPartOf\":{\"@id\":\"https:\/\/cultureofmind.pl\/#website\"},\"datePublished\":\"2023-03-24T19:32:00+00:00\",\"dateModified\":\"2023-04-13T06:50:44+00:00\",\"description\":\"Ocena pracy dyrektora szkolenie skierowane jest do dyrektor\u00f3w szk\u00f3\u0142 i przedszkoli przygotowuj\u0105cych si\u0119 do oceny pracy dyrektora!\",\"breadcrumb\":{\"@id\":\"https:\/\/cultureofmind.pl\/produkt\/ocena-pracy-dyrektora-szkolenie\/#breadcrumb\"},\"inLanguage\":\"en-US\",\"potentialAction\":[{\"@type\":\"ReadAction\",\"target\":[\"https:\/\/cultureofmind.pl\/produkt\/ocena-pracy-dyrektora-szkolenie\/\"]}]},{\"@type\":\"BreadcrumbList\",\"@id\":\"https:\/\/cultureofmind.pl\/produkt\/ocena-pracy-dyrektora-szkolenie\/#breadcrumb\",\"itemListElement\":[{\"@type\":\"ListItem\",\"position\":1,\"name\":\"Home\",\"item\":\"https:\/\/cultureofmind.pl\/\"},{\"@type\":\"ListItem\",\"position\":2,\"name\":\"Sklep\",\"item\":\"https:\/\/cultureofmind.pl\/sklep\/\"},{\"@type\":\"ListItem\",\"position\":3,\"name\":\"Warsztaty ocena pracy dyrektora 24.04.2023r. 10:00\"}]},{\"@type\":\"WebSite\",\"@id\":\"https:\/\/cultureofmind.pl\/#website\",\"url\":\"https:\/\/cultureofmind.pl\/\",\"name\":\"Culture of Mind\",\"description\":\"CultureOfMind\",\"publisher\":{\"@id\":\"https:\/\/cultureofmind.pl\/#organization\"},\"potentialAction\":[{\"@type\":\"SearchAction\",\"target\":{\"@type\":\"EntryPoint\",\"urlTemplate\":\"https:\/\/cultureofmind.pl\/?s={search_term_string}\"},\"query-input\":\"required name=search_term_string\"}],\"inLanguage\":\"en-US\"},{\"@type\":\"Organization\",\"@id\":\"https:\/\/cultureofmind.pl\/#organization\",\"name\":\"Culture of Mind\",\"url\":\"https:\/\/cultureofmind.pl\/\",\"logo\":{\"@type\":\"ImageObject\",\"inLanguage\":\"en-US\",\"@id\":\"https:\/\/cultureofmind.pl\/#\/schema\/logo\/image\/\",\"url\":\"https:\/\/cultureofmind.pl\/wp-content\/uploads\/2023\/10\/cropped-Rectangle-57.png\",\"contentUrl\":\"https:\/\/cultureofmind.pl\/wp-content\/uploads\/2023\/10\/cropped-Rectangle-57.png\",\"width\":150,\"height\":150,\"caption\":\"Culture of Mind\"},\"image\":{\"@id\":\"https:\/\/cultureofmind.pl\/#\/schema\/logo\/image\/\"}}]}<\/script>\n<!-- \/ Yoast SEO plugin. -->","yoast_head_json":{"title":"Warsztaty ocena pracy dyrektora 24.04.2023r. 10:00 - Culture of Mind","description":"Ocena pracy dyrektora szkolenie skierowane jest do dyrektor\u00f3w szk\u00f3\u0142 i przedszkoli przygotowuj\u0105cych si\u0119 do oceny pracy dyrektora!","robots":{"index":"index","follow":"follow","max-snippet":"max-snippet:-1","max-image-preview":"max-image-preview:large","max-video-preview":"max-video-preview:-1"},"canonical":"https:\/\/cultureofmind.pl\/en\/product\/ocena-pracy-dyrektora-szkolenie\/","og_locale":"en_US","og_type":"article","og_title":"Warsztaty ocena pracy dyrektora 24.04.2023r. 10:00 - Culture of Mind","og_description":"Ocena pracy dyrektora szkolenie skierowane jest do dyrektor\u00f3w szk\u00f3\u0142 i przedszkoli przygotowuj\u0105cych si\u0119 do oceny pracy dyrektora!","og_url":"https:\/\/cultureofmind.pl\/en\/product\/ocena-pracy-dyrektora-szkolenie\/","og_site_name":"Culture of Mind","article_modified_time":"2023-04-13T06:50:44+00:00","og_image":[{"width":600,"height":600,"url":"https:\/\/cultureofmind.pl\/wp-content\/uploads\/2023\/03\/WARSZTART-OCENA-PRACY-DYREKTORA-1140\u00d7608-px-700\u00d7430-px-600\u00d7600-px.png","type":"image\/png"}],"twitter_card":"summary_large_image","twitter_misc":{"Est. reading time":"2 minutes"},"schema":{"@context":"https:\/\/schema.org","@graph":[{"@type":"WebPage","@id":"https:\/\/cultureofmind.pl\/produkt\/ocena-pracy-dyrektora-szkolenie\/","url":"https:\/\/cultureofmind.pl\/produkt\/ocena-pracy-dyrektora-szkolenie\/","name":"Warsztaty ocena pracy dyrektora 24.04.2023r. 10:00 - Culture of Mind","isPartOf":{"@id":"https:\/\/cultureofmind.pl\/#website"},"datePublished":"2023-03-24T19:32:00+00:00","dateModified":"2023-04-13T06:50:44+00:00","description":"Ocena pracy dyrektora szkolenie skierowane jest do dyrektor\u00f3w szk\u00f3\u0142 i przedszkoli przygotowuj\u0105cych si\u0119 do oceny pracy dyrektora!","breadcrumb":{"@id":"https:\/\/cultureofmind.pl\/produkt\/ocena-pracy-dyrektora-szkolenie\/#breadcrumb"},"inLanguage":"en-US","potentialAction":[{"@type":"ReadAction","target":["https:\/\/cultureofmind.pl\/produkt\/ocena-pracy-dyrektora-szkolenie\/"]}]},{"@type":"BreadcrumbList","@id":"https:\/\/cultureofmind.pl\/produkt\/ocena-pracy-dyrektora-szkolenie\/#breadcrumb","itemListElement":[{"@type":"ListItem","position":1,"name":"Home","item":"https:\/\/cultureofmind.pl\/"},{"@type":"ListItem","position":2,"name":"Sklep","item":"https:\/\/cultureofmind.pl\/sklep\/"},{"@type":"ListItem","position":3,"name":"Warsztaty ocena pracy dyrektora 24.04.2023r. 10:00"}]},{"@type":"WebSite","@id":"https:\/\/cultureofmind.pl\/#website","url":"https:\/\/cultureofmind.pl\/","name":"Culture of Mind","description":"CultureOfMind","publisher":{"@id":"https:\/\/cultureofmind.pl\/#organization"},"potentialAction":[{"@type":"SearchAction","target":{"@type":"EntryPoint","urlTemplate":"https:\/\/cultureofmind.pl\/?s={search_term_string}"},"query-input":"required name=search_term_string"}],"inLanguage":"en-US"},{"@type":"Organization","@id":"https:\/\/cultureofmind.pl\/#organization","name":"Culture of Mind","url":"https:\/\/cultureofmind.pl\/","logo":{"@type":"ImageObject","inLanguage":"en-US","@id":"https:\/\/cultureofmind.pl\/#\/schema\/logo\/image\/","url":"https:\/\/cultureofmind.pl\/wp-content\/uploads\/2023\/10\/cropped-Rectangle-57.png","contentUrl":"https:\/\/cultureofmind.pl\/wp-content\/uploads\/2023\/10\/cropped-Rectangle-57.png","width":150,"height":150,"caption":"Culture of Mind"},"image":{"@id":"https:\/\/cultureofmind.pl\/#\/schema\/logo\/image\/"}}]}},"_links":{"self":[{"href":"https:\/\/cultureofmind.pl\/en\/wp-json\/wp\/v2\/product\/9556","targetHints":{"allow":["GET"]}}],"collection":[{"href":"https:\/\/cultureofmind.pl\/en\/wp-json\/wp\/v2\/product"}],"about":[{"href":"https:\/\/cultureofmind.pl\/en\/wp-json\/wp\/v2\/types\/product"}],"replies":[{"embeddable":true,"href":"https:\/\/cultureofmind.pl\/en\/wp-json\/wp\/v2\/comments?post=9556"}],"version-history":[{"count":9,"href":"https:\/\/cultureofmind.pl\/en\/wp-json\/wp\/v2\/product\/9556\/revisions"}],"predecessor-version":[{"id":9598,"href":"https:\/\/cultureofmind.pl\/en\/wp-json\/wp\/v2\/product\/9556\/revisions\/9598"}],"wp:featuredmedia":[{"embeddable":true,"href":"https:\/\/cultureofmind.pl\/en\/wp-json\/wp\/v2\/media\/9600"}],"wp:attachment":[{"href":"https:\/\/cultureofmind.pl\/en\/wp-json\/wp\/v2\/media?parent=9556"}],"wp:term":[{"taxonomy":"product_cat","embeddable":true,"href":"https:\/\/cultureofmind.pl\/en\/wp-json\/wp\/v2\/product_cat?post=9556"},{"taxonomy":"product_tag","embeddable":true,"href":"https:\/\/cultureofmind.pl\/en\/wp-json\/wp\/v2\/product_tag?post=9556"}],"curies":[{"name":"wp","href":"https:\/\/api.w.org\/{rel}","templated":true}]}}