{"id":9413,"date":"2022-09-05T10:37:01","date_gmt":"2022-09-05T08:37:01","guid":{"rendered":"https:\/\/server116294.nazwa.pl\/wordpress\/wpn_cultureofmind_main\/?post_type=product&#038;p=9413"},"modified":"2023-01-16T08:37:57","modified_gmt":"2023-01-16T07:37:57","slug":"zmiany-w-karcie-nauczyciela","status":"publish","type":"product","link":"https:\/\/cultureofmind.pl\/en\/product\/zmiany-w-karcie-nauczyciela\/","title":{"rendered":"Praktyczne i prawne konsekwencje zmiany w przepisach Ustawy Karta Nauczyciela"},"content":{"rendered":"<h3 class=\"subject\" style=\"text-align: center;\">PRAKTYCZNE I PRAWNE KONSEKWENCJE ZMIANY W PRZEPISACH USTAWY KARTA NAUCZYCIELA &#8211; AWANS ZAWODOWY, OCENA PRACY NAUCZYCIELA I DYREKTORA,KWALIFIKACJE I ZATRUDNIANIE SPECJALIST\u00d3W<\/h3>\n<p class=\"v1MsoNormal\"><a name=\"_Hlk111538441\"><\/a>Celem szkolenia jest szczeg\u00f3\u0142owe przedstawienie ustawy z dnia 05.08.2022r. o zmianie ustawy \u2013 Karta Nauczyciela oraz niekt\u00f3rych innych ustaw wraz z aktami wykonawczymi. Podczas szkolenia zostan\u0105 om\u00f3wione nowe zasady:<\/p>\n<ul type=\"disc\">\n<li class=\"v1MsoNormal\">uzyskiwania przez nauczycieli stopni awansu zawodowego, jak r\u00f3wnie\u017c przepisy przej\u015bciowe, kt\u00f3re dotycz\u0105 nauczycieli, kt\u00f3rzy na przed wej\u015bciem w \u017cycie ustawy byli zatrudnieni w szkole,<\/li>\n<li class=\"v1MsoNormal\">dokonywania oceny pracy wraz z przyk\u0142adami rozwi\u0105za\u0144, kt\u00f3re mog\u0105 zosta\u0107 przyj\u0119te w danej szkole, przedszkolu, plac\u00f3wce przez dyrektora,<\/li>\n<li class=\"v1MsoNormal\">zatrudniania nauczycieli, w tym wymagane kwalifikacje od pedagoga specjalnego.<\/li>\n<\/ul>\n<p class=\"v1MsoNormal\">Uczestnikom zostan\u0105 udzielone praktyczne wskaz\u00f3wki jak przyk\u0142adowo wyznaczy\u0107 mentora, czy odbywanie przygotowania do zawodu mo\u017ce nast\u0105pi\u0107 w ka\u017cdym czasie, jakie dzia\u0142ania podj\u0105\u0107 w przypadku rozwi\u0105zania stosunku pracy, jak sporz\u0105dzi\u0107 dokumentacj\u0119 zwi\u0105zan\u0105 z awansem zawodowym czy ocen\u0105 pracy (uczestnicy otrzymaj\u0105 przyk\u0142adowe pisma sporz\u0105dzane przez dyrektora), jaki przepis zastosowa\u0107 dla nauczycieli, kt\u00f3rzy na dzie\u0144 wej\u015bcia w \u017cycie ustawy s\u0105 w trakcie sta\u017cu a jakie regulacje prawne b\u0119d\u0105 mia\u0142y zastosowanie dla nauczycieli, kt\u00f3rzy mieli dopiero rozpoczyna\u0107 sta\u017c na kolejny stopie\u0144 awansu zawodowego.<\/p>\n<p>&nbsp;<\/p>\n<p class=\"v1MsoNormal\"><strong>Tre\u015bci szkolenia:<\/strong><\/p>\n<ol>\n<li><strong>Przygotowanie do zawodu nauczyciela:<\/strong><\/li>\n<\/ol>\n<ol type=\"a\">\n<li class=\"v1MsoNormal\">warunki odbywania przygotowania do zawodu nauczyciela,<\/li>\n<li class=\"v1MsoNormal\">\u015bwiadczenie na start,<\/li>\n<li class=\"v1MsoNormal\">wymiar przygotowania do zawodu nauczyciela,<\/li>\n<li class=\"v1MsoNormal\">wyznaczenie mentora, jego wymogi oraz zadania,<\/li>\n<li class=\"v1MsoNormal\">nieobecno\u015bci w trakcie odbywania przygotowania do zawodu nauczyciela,<\/li>\n<li class=\"v1MsoNormal\">prowadzenie zaj\u0119\u0107 w obecno\u015bci dyrektora, mentora, doradcy zawodowego, nauczyciela konsultanta, przedstawiciela organu sprawuj\u0105cego nadz\u00f3r pedagogiczny albo nauczyciela dyplomowanego, kt\u00f3ry naucza tego samego przedmiotu lub prowadzi ten sam rodzaj zaj\u0119\u0107 z tej samej lub innej szko\u0142y \u2013 osob\u0119 t\u0105 wskazuje dyrektor szko\u0142y,<\/li>\n<li class=\"v1MsoNormal\">powo\u0142anie komisji, kt\u00f3ra wydaje opini\u0119\u00a0 o przeprowadzonych zaj\u0119ciach.\n<p><strong>2. Zasady uzyskiwania stopnia awansu zawodowego nauczyciela mianowanego przez:<\/strong><\/li>\n<\/ol>\n<ol type=\"a\">\n<li class=\"v1MsoNormal\">nauczycieli akademickich z dniem zatrudnienia,<\/li>\n<li class=\"v1MsoNormal\">nauczycieli odbywaj\u0105cych przygotowanie do zawodu nauczyciela,<\/li>\n<li class=\"v1MsoNormal\">nauczycieli kontraktowych na zasadach dotychczasowych z uwzgl\u0119dnieniem przepis\u00f3w przej\u015bciowych.\n<p><strong>3. Uzyskiwanie stopnia awansu zawodowego nauczyciela dyplomowanego:<\/strong><\/li>\n<\/ol>\n<ol type=\"a\">\n<li class=\"v1MsoNormal\">na zasadach dotychczasowych z uwzgl\u0119dnieniem przepis\u00f3w przej\u015bciowych,<\/li>\n<li class=\"v1MsoNormal\">na zasadach obowi\u0105zuj\u0105cych od 01.09.2022r.\n<p><strong>4. Ocena pracy nauczyciela:<\/strong><\/li>\n<\/ol>\n<ol type=\"a\">\n<li class=\"v1MsoNormal\">dokonywana na zasadach og\u00f3lnych (w ka\u017cdym czasie nie wcze\u015bniej ni\u017c po up\u0142ywie roku od poprzedniej),<\/li>\n<li class=\"v1MsoNormal\">dokonywana w trakcie przygotowania do zawodu nauczyciela,<\/li>\n<li class=\"v1MsoNormal\">dokonywana w zwi\u0105zku z ubieganiem si\u0119 o stopnie\u0144 awansu zawodowego nauczyciela dyplomowanego,<\/li>\n<li class=\"v1MsoNormal\">dokonywanie w przypadku ustania stosunku pracy nauczyciela odbywaj\u0105cego przygotowanie do zawodu<br \/>\ni nauczyciela mianowanego,<\/li>\n<li class=\"v1MsoNormal\">kryteria oceny pracy \u2013 przyk\u0142adowe rozwi\u0105zania,<\/li>\n<li class=\"v1MsoNormal\">tryb dokonywania i \u015brodki zaskar\u017cenia od oceny pracy.\n<p><strong>5. Zasady zatrudniania nauczycieli.<\/strong><\/li>\n<\/ol>\n<p>a. Obowi\u0105zek informowania kuratora o wolnych stanowiskach pracy.<\/p>\n<p>b. Rozwi\u0105zanie stosunku pracy w przypadku nieuzyskania stopnia awansu zawodowego nauczyciela mianowanego<\/p>\n<p>c. Obowi\u0105zek prowadzenia konsultacji dla uczni\u00f3w, wychowank\u00f3w lub ich rodzic\u00f3w.<\/p>\n<p>d. Kwalifikacje wymagane od pedagoga specjalnego.<\/p>\n<p>&nbsp;<\/p>\n<p class=\"v1MsoNormal\"><b><i>Pytanie nr 1<\/i><\/b><\/p>\n<p class=\"v1MsoNormal\"><i>Nauczyciel szko\u0142y podstawowej uzyska\u0142 15.07.2018r. stopie\u0144 awansu zawodowego nauczyciela kontraktowego. Sta\u017c na stopie\u0144 awansu zawodowego nauczyciela mianowanego rozpocz\u0105\u0142 01.09.2021r. Czy jego sta\u017c ulega skr\u00f3ceniu?<\/i><\/p>\n<p class=\"v1MsoNormal\"><b><i>Odpowiedz<\/i><\/b><\/p>\n<p class=\"v1MsoNormal\"><i>Tak, sta\u017c nauczyciela zostanie skr\u00f3cony o rok czyli do jednego roku i 9 miesi\u0119cy, a zatem powinien zako\u0144czy\u0107 si\u0119 31.05.2023r.<\/i><\/p>\n<p class=\"v1MsoNormal\"><b><i>Pytanie nr 2<\/i><\/b><\/p>\n<p class=\"v1MsoNormal\"><i>Nauczyciel zatrudniony w szkole podstawowej uzyska\u0142 15.10.2019r. stopie\u0144 awansu zawodowego nauczyciela kontraktowego, sta\u017c odby\u0142 w wymiarze 12 miesi\u0119cy. Od uzyskania stopnia awansu zawodowego ca\u0142y czas pozostawa\u0142<\/i><\/p>\n<p class=\"v1MsoNormal\"><i>w zatrudnieniu. Czy nauczyciel b\u0119dzie m\u00f3g\u0142 01.09 2022r. rozpocz\u0105\u0107 sta\u017c na kolejny stopnie\u0144 awansu zawodowego i ile wyniesie jego wymiar?<\/i><\/p>\n<p class=\"v1MsoNormal\"><b><i>Odpowiedz<\/i><\/b><\/p>\n<p class=\"v1MsoNormal\"><i>Tak, nauczyciel b\u0119dzie m\u00f3g\u0142 rozpocz\u0105\u0107 sta\u017c na stopie\u0144 awansu zawodowego nauczyciela mianowanego 01.09.2022r.<br \/>\na jego wymiar wyniesie 9 miesi\u0119cy.<\/i><\/p>\n<p class=\"v1MsoNormal\"><b>Prowadz\u0105ca: Anna Kr\u00f3l \u2013\u00a0<\/b>absolwentka Wydzia\u0142u Prawa i Administracji Uniwersytetu \u015al\u0105skiego, autorka szeregu publikacji po\u015bwi\u0119conej tematyce prawa administracyjnego i prawa pracy. Wyk\u0142adowca akademicki, wieloletni pracownik administracji publicznej, w tym organu nadzoru pedagogicznego, nauczyciel teoretycznych przedmiot\u00f3w zawodowych, od ponad 10 lat prowadzi zaj\u0119cia, szkolenia i kursy, wsp\u00f3\u0142pracuj\u0105c ze szko\u0142ami wy\u017cszymi i plac\u00f3wkami doskonalenia nauczycieli.<b><\/b><\/p>\n<p class=\"v1MsoNormal\"><b>\u00a0<\/b><\/p>\n<p class=\"v1MsoNormal\"><a name=\"_Hlk105071540\"><\/a><b>Cena szkolenia 299 z\u0142<\/b><\/p>\n<p class=\"v1MsoNormal\"><b>Czas trwania szkolenia: 5 godz.<\/b><\/p>\n<p><strong>Szkolenie zawiera dost\u0119p do 5 godzin materia\u0142u nagranego w ramach szkolenia online na platformie ClickMeeting. <\/strong><\/p>","protected":false},"excerpt":{"rendered":"<p>PRAKTYCZNE I PRAWNE KONSEKWENCJE ZMIANY W PRZEPISACH USTAWY KARTA NAUCZYCIELA &#8211; AWANS ZAWODOWY, OCENA PRACY NAUCZYCIELA I DYREKTORA,KWALIFIKACJE I ZATRUDNIANIE<\/p>","protected":false},"featured_media":9414,"comment_status":"open","ping_status":"closed","template":"","meta":[],"product_cat":[15],"product_tag":[],"class_list":["post-9413","product","type-product","status-publish","has-post-thumbnail","hentry","product_cat-bez-kategorii"],"yoast_head":"<!-- This site is optimized with the Yoast SEO plugin v21.3 - https:\/\/yoast.com\/wordpress\/plugins\/seo\/ -->\n<title>Praktyczne i prawne konsekwencje zmiany w przepisach Ustawy Karta Nauczyciela - Culture of Mind<\/title>\n<meta name=\"description\" content=\"Zmiany w karcie nauczyciela dotycz\u0105ce zmian w awansie zawodowym, zatrudnianiu specjalist\u00f3w oraz ocenie pracy nauczyciela i dyrektora.\" \/>\n<meta name=\"robots\" content=\"index, follow, max-snippet:-1, max-image-preview:large, max-video-preview:-1\" \/>\n<link rel=\"canonical\" href=\"https:\/\/cultureofmind.pl\/en\/product\/zmiany-w-karcie-nauczyciela\/\" \/>\n<meta property=\"og:locale\" content=\"en_US\" \/>\n<meta property=\"og:type\" content=\"article\" \/>\n<meta property=\"og:title\" content=\"Praktyczne i prawne konsekwencje zmiany w przepisach Ustawy Karta Nauczyciela - Culture of Mind\" \/>\n<meta property=\"og:description\" content=\"Zmiany w karcie nauczyciela dotycz\u0105ce zmian w awansie zawodowym, zatrudnianiu specjalist\u00f3w oraz ocenie pracy nauczyciela i dyrektora.\" \/>\n<meta property=\"og:url\" content=\"https:\/\/cultureofmind.pl\/en\/product\/zmiany-w-karcie-nauczyciela\/\" \/>\n<meta property=\"og:site_name\" content=\"Culture of Mind\" \/>\n<meta property=\"article:modified_time\" content=\"2023-01-16T07:37:57+00:00\" \/>\n<meta property=\"og:image\" content=\"https:\/\/cultureofmind.pl\/wp-content\/uploads\/2022\/09\/van-tay-media-TFFn3BYLc5s-unsplash-1.png\" \/>\n\t<meta property=\"og:image:width\" content=\"489\" \/>\n\t<meta property=\"og:image:height\" content=\"326\" \/>\n\t<meta property=\"og:image:type\" content=\"image\/png\" \/>\n<meta name=\"twitter:card\" content=\"summary_large_image\" \/>\n<meta name=\"twitter:label1\" content=\"Est. reading time\" \/>\n\t<meta name=\"twitter:data1\" content=\"4 minutes\" \/>\n<script type=\"application\/ld+json\" class=\"yoast-schema-graph\">{\"@context\":\"https:\/\/schema.org\",\"@graph\":[{\"@type\":\"WebPage\",\"@id\":\"https:\/\/cultureofmind.pl\/produkt\/zmiany-w-karcie-nauczyciela\/\",\"url\":\"https:\/\/cultureofmind.pl\/produkt\/zmiany-w-karcie-nauczyciela\/\",\"name\":\"Praktyczne i prawne konsekwencje zmiany w przepisach Ustawy Karta Nauczyciela - Culture of Mind\",\"isPartOf\":{\"@id\":\"https:\/\/cultureofmind.pl\/#website\"},\"datePublished\":\"2022-09-05T08:37:01+00:00\",\"dateModified\":\"2023-01-16T07:37:57+00:00\",\"description\":\"Zmiany w karcie nauczyciela dotycz\u0105ce zmian w awansie zawodowym, zatrudnianiu specjalist\u00f3w oraz ocenie pracy nauczyciela i dyrektora.\",\"breadcrumb\":{\"@id\":\"https:\/\/cultureofmind.pl\/produkt\/zmiany-w-karcie-nauczyciela\/#breadcrumb\"},\"inLanguage\":\"en-US\",\"potentialAction\":[{\"@type\":\"ReadAction\",\"target\":[\"https:\/\/cultureofmind.pl\/produkt\/zmiany-w-karcie-nauczyciela\/\"]}]},{\"@type\":\"BreadcrumbList\",\"@id\":\"https:\/\/cultureofmind.pl\/produkt\/zmiany-w-karcie-nauczyciela\/#breadcrumb\",\"itemListElement\":[{\"@type\":\"ListItem\",\"position\":1,\"name\":\"Home\",\"item\":\"https:\/\/cultureofmind.pl\/\"},{\"@type\":\"ListItem\",\"position\":2,\"name\":\"Sklep\",\"item\":\"https:\/\/cultureofmind.pl\/sklep\/\"},{\"@type\":\"ListItem\",\"position\":3,\"name\":\"Praktyczne i prawne konsekwencje zmiany w przepisach Ustawy Karta Nauczyciela\"}]},{\"@type\":\"WebSite\",\"@id\":\"https:\/\/cultureofmind.pl\/#website\",\"url\":\"https:\/\/cultureofmind.pl\/\",\"name\":\"Culture of Mind\",\"description\":\"CultureOfMind\",\"publisher\":{\"@id\":\"https:\/\/cultureofmind.pl\/#organization\"},\"potentialAction\":[{\"@type\":\"SearchAction\",\"target\":{\"@type\":\"EntryPoint\",\"urlTemplate\":\"https:\/\/cultureofmind.pl\/?s={search_term_string}\"},\"query-input\":\"required name=search_term_string\"}],\"inLanguage\":\"en-US\"},{\"@type\":\"Organization\",\"@id\":\"https:\/\/cultureofmind.pl\/#organization\",\"name\":\"Culture of Mind\",\"url\":\"https:\/\/cultureofmind.pl\/\",\"logo\":{\"@type\":\"ImageObject\",\"inLanguage\":\"en-US\",\"@id\":\"https:\/\/cultureofmind.pl\/#\/schema\/logo\/image\/\",\"url\":\"https:\/\/cultureofmind.pl\/wp-content\/uploads\/2023\/10\/cropped-Rectangle-57.png\",\"contentUrl\":\"https:\/\/cultureofmind.pl\/wp-content\/uploads\/2023\/10\/cropped-Rectangle-57.png\",\"width\":150,\"height\":150,\"caption\":\"Culture of Mind\"},\"image\":{\"@id\":\"https:\/\/cultureofmind.pl\/#\/schema\/logo\/image\/\"}}]}<\/script>\n<!-- \/ Yoast SEO plugin. -->","yoast_head_json":{"title":"Praktyczne i prawne konsekwencje zmiany w przepisach Ustawy Karta Nauczyciela - Culture of Mind","description":"Zmiany w karcie nauczyciela dotycz\u0105ce zmian w awansie zawodowym, zatrudnianiu specjalist\u00f3w oraz ocenie pracy nauczyciela i dyrektora.","robots":{"index":"index","follow":"follow","max-snippet":"max-snippet:-1","max-image-preview":"max-image-preview:large","max-video-preview":"max-video-preview:-1"},"canonical":"https:\/\/cultureofmind.pl\/en\/product\/zmiany-w-karcie-nauczyciela\/","og_locale":"en_US","og_type":"article","og_title":"Praktyczne i prawne konsekwencje zmiany w przepisach Ustawy Karta Nauczyciela - Culture of Mind","og_description":"Zmiany w karcie nauczyciela dotycz\u0105ce zmian w awansie zawodowym, zatrudnianiu specjalist\u00f3w oraz ocenie pracy nauczyciela i dyrektora.","og_url":"https:\/\/cultureofmind.pl\/en\/product\/zmiany-w-karcie-nauczyciela\/","og_site_name":"Culture of Mind","article_modified_time":"2023-01-16T07:37:57+00:00","og_image":[{"width":489,"height":326,"url":"https:\/\/cultureofmind.pl\/wp-content\/uploads\/2022\/09\/van-tay-media-TFFn3BYLc5s-unsplash-1.png","type":"image\/png"}],"twitter_card":"summary_large_image","twitter_misc":{"Est. reading time":"4 minutes"},"schema":{"@context":"https:\/\/schema.org","@graph":[{"@type":"WebPage","@id":"https:\/\/cultureofmind.pl\/produkt\/zmiany-w-karcie-nauczyciela\/","url":"https:\/\/cultureofmind.pl\/produkt\/zmiany-w-karcie-nauczyciela\/","name":"Praktyczne i prawne konsekwencje zmiany w przepisach Ustawy Karta Nauczyciela - Culture of Mind","isPartOf":{"@id":"https:\/\/cultureofmind.pl\/#website"},"datePublished":"2022-09-05T08:37:01+00:00","dateModified":"2023-01-16T07:37:57+00:00","description":"Zmiany w karcie nauczyciela dotycz\u0105ce zmian w awansie zawodowym, zatrudnianiu specjalist\u00f3w oraz ocenie pracy nauczyciela i dyrektora.","breadcrumb":{"@id":"https:\/\/cultureofmind.pl\/produkt\/zmiany-w-karcie-nauczyciela\/#breadcrumb"},"inLanguage":"en-US","potentialAction":[{"@type":"ReadAction","target":["https:\/\/cultureofmind.pl\/produkt\/zmiany-w-karcie-nauczyciela\/"]}]},{"@type":"BreadcrumbList","@id":"https:\/\/cultureofmind.pl\/produkt\/zmiany-w-karcie-nauczyciela\/#breadcrumb","itemListElement":[{"@type":"ListItem","position":1,"name":"Home","item":"https:\/\/cultureofmind.pl\/"},{"@type":"ListItem","position":2,"name":"Sklep","item":"https:\/\/cultureofmind.pl\/sklep\/"},{"@type":"ListItem","position":3,"name":"Praktyczne i prawne konsekwencje zmiany w przepisach Ustawy Karta Nauczyciela"}]},{"@type":"WebSite","@id":"https:\/\/cultureofmind.pl\/#website","url":"https:\/\/cultureofmind.pl\/","name":"Culture of Mind","description":"CultureOfMind","publisher":{"@id":"https:\/\/cultureofmind.pl\/#organization"},"potentialAction":[{"@type":"SearchAction","target":{"@type":"EntryPoint","urlTemplate":"https:\/\/cultureofmind.pl\/?s={search_term_string}"},"query-input":"required name=search_term_string"}],"inLanguage":"en-US"},{"@type":"Organization","@id":"https:\/\/cultureofmind.pl\/#organization","name":"Culture of Mind","url":"https:\/\/cultureofmind.pl\/","logo":{"@type":"ImageObject","inLanguage":"en-US","@id":"https:\/\/cultureofmind.pl\/#\/schema\/logo\/image\/","url":"https:\/\/cultureofmind.pl\/wp-content\/uploads\/2023\/10\/cropped-Rectangle-57.png","contentUrl":"https:\/\/cultureofmind.pl\/wp-content\/uploads\/2023\/10\/cropped-Rectangle-57.png","width":150,"height":150,"caption":"Culture of Mind"},"image":{"@id":"https:\/\/cultureofmind.pl\/#\/schema\/logo\/image\/"}}]}},"_links":{"self":[{"href":"https:\/\/cultureofmind.pl\/en\/wp-json\/wp\/v2\/product\/9413","targetHints":{"allow":["GET"]}}],"collection":[{"href":"https:\/\/cultureofmind.pl\/en\/wp-json\/wp\/v2\/product"}],"about":[{"href":"https:\/\/cultureofmind.pl\/en\/wp-json\/wp\/v2\/types\/product"}],"replies":[{"embeddable":true,"href":"https:\/\/cultureofmind.pl\/en\/wp-json\/wp\/v2\/comments?post=9413"}],"version-history":[{"count":1,"href":"https:\/\/cultureofmind.pl\/en\/wp-json\/wp\/v2\/product\/9413\/revisions"}],"predecessor-version":[{"id":9415,"href":"https:\/\/cultureofmind.pl\/en\/wp-json\/wp\/v2\/product\/9413\/revisions\/9415"}],"wp:featuredmedia":[{"embeddable":true,"href":"https:\/\/cultureofmind.pl\/en\/wp-json\/wp\/v2\/media\/9414"}],"wp:attachment":[{"href":"https:\/\/cultureofmind.pl\/en\/wp-json\/wp\/v2\/media?parent=9413"}],"wp:term":[{"taxonomy":"product_cat","embeddable":true,"href":"https:\/\/cultureofmind.pl\/en\/wp-json\/wp\/v2\/product_cat?post=9413"},{"taxonomy":"product_tag","embeddable":true,"href":"https:\/\/cultureofmind.pl\/en\/wp-json\/wp\/v2\/product_tag?post=9413"}],"curies":[{"name":"wp","href":"https:\/\/api.w.org\/{rel}","templated":true}]}}